{"id":3,"date":"2024-08-02T18:55:02","date_gmt":"2024-08-02T18:55:02","guid":{"rendered":"https:\/\/www.cyclophoto.com\/?page_id=3"},"modified":"2025-03-05T14:49:36","modified_gmt":"2025-03-05T12:49:36","slug":"informativa-sulla-privacy","status":"publish","type":"page","link":"https:\/\/www.cyclophoto.com\/it\/informativa-sulla-privacy\/","title":{"rendered":"Informativa sulla privacy"},"content":{"rendered":"<div data-elementor-type=\"wp-page\" data-elementor-id=\"3\" class=\"elementor elementor-3\" data-elementor-post-type=\"page\">\n\t\t\t\t<div class=\"elementor-element elementor-element-69f6185d e-con-full e-flex e-con e-parent\" data-id=\"69f6185d\" data-element_type=\"container\" data-e-type=\"container\">\n\t\t\t\t<div class=\"elementor-element elementor-element-1c9a8afa elementor-widget elementor-widget-text-editor\" data-id=\"1c9a8afa\" data-element_type=\"widget\" data-e-type=\"widget\" data-widget_type=\"text-editor.default\">\n\t\t\t\t<div class=\"elementor-widget-container\">\n\t\t\t\t\t\t\t\t\t<p><span style=\"color: #ffffff;\"><strong>Informativa sulla privacy - Cyclophoto<\/strong><\/span><\/p><p><span style=\"color: #ffffff;\">A\u00a0<strong>Ciclofoto<\/strong>\u00a0attribuiamo grande importanza alla vostra privacy e alla protezione dei vostri dati personali. La presente informativa sulla privacy spiega come raccogliamo, utilizziamo e proteggiamo i vostri dati in conformit\u00e0 alla\u00a0<strong>Regolamento generale sulla protezione dei dati (AVG\/GDPR)<\/strong>\u00a0e altre leggi applicabili.<\/span><\/p><hr \/><h3><strong>1. Quali dati raccogliamo?<\/strong><\/h3><p><span style=\"color: #ffffff;\">Raccogliamo solo i dati necessari per i nostri servizi. Questi possono includere:<\/span><\/p><ul><li><p><span style=\"color: #ffffff;\"><strong>Dettagli di contatto<\/strong>: Nome, indirizzo e-mail, numero di telefono (se ci contattate).<\/span><\/p><\/li><li><p><span style=\"color: #ffffff;\"><strong>Utilizzo del sito web<\/strong>: Indirizzo IP, dati del browser, pagine viste (tramite cookie).<\/span><\/p><\/li><li><p><span style=\"color: #ffffff;\"><strong>Dati relativi al progetto<\/strong>: Informazioni fornite per gli incarichi fotografici (ad es. dettagli dell'evento, preferenze).<\/span><\/p><\/li><\/ul><hr \/><h3><strong>2. Perch\u00e9 raccogliamo i vostri dati?<\/strong><\/h3><p><span style=\"color: #ffffff;\">I vostri dati saranno utilizzati solo per i seguenti scopi:<\/span><\/p><ul><li><p><span style=\"color: #ffffff;\">Fornitura dei nostri servizi (fotografia, elaborazione delle immagini, ecc.).<\/span><\/p><\/li><li><p><span style=\"color: #ffffff;\">Comunicare progetti, offerte o collaborazioni.<\/span><\/p><\/li><li><p><span style=\"color: #ffffff;\">Migliorare il nostro sito web e i nostri servizi.<\/span><\/p><\/li><li><p><span style=\"color: #ffffff;\">Soddisfare gli obblighi di legge.<\/span><\/p><\/li><\/ul><hr \/><h3><strong>3. Come proteggiamo i vostri dati?<\/strong><\/h3><p><span style=\"color: #ffffff;\">Adottiamo misure tecniche e organizzative adeguate per proteggere i vostri dati da perdite, abusi o accessi non autorizzati. Ci\u00f2 include:<\/span><\/p><ul><li><p><span style=\"color: #ffffff;\">Archiviazione sicura dei dati.<\/span><\/p><\/li><li><p><span style=\"color: #ffffff;\">Accesso limitato ai dati per i dipendenti e per i terzi.<\/span><\/p><\/li><li><p><span style=\"color: #ffffff;\">Revisione regolare delle nostre procedure di sicurezza.<\/span><\/p><\/li><\/ul><hr \/><h3><strong>4. Condividiamo i vostri dati con terzi?<\/strong><\/h3><p><span style=\"color: #ffffff;\">I vostri dati non saranno venduti o condivisi con parti esterne, a meno che ci\u00f2 non sia necessario per i nostri servizi (ad esempio, partner di hosting) o richiesto dalla legge. In questi casi, garantiamo accordi rigorosi sulla protezione dei dati.<\/span><\/p><hr \/><h3><strong>5. Per quanto tempo conserviamo i vostri dati?<\/strong><\/h3><p><span style=\"color: #ffffff;\">Non conserviamo i vostri dati pi\u00f9 a lungo di quanto sia necessario per gli scopi per cui sono stati raccolti, a meno che un periodo di conservazione pi\u00f9 lungo sia richiesto dalla legge.<\/span><\/p><hr \/><h3><strong>6. Diritti dell'utente ai sensi dell'AVG\/GDPR<\/strong><\/h3><p><span style=\"color: #ffffff;\">L'utente ha i seguenti diritti in merito ai propri dati personali:<\/span><\/p><ul><li><p><span style=\"color: #ffffff;\"><strong>Accesso<\/strong>\u00c8 possibile richiedere una panoramica dei dati in nostro possesso.<\/span><\/p><\/li><li><p><span style=\"color: #ffffff;\"><strong>Rettifica<\/strong>\u00c8 possibile modificare i dati errati o incompleti.<\/span><\/p><\/li><li><p><span style=\"color: #ffffff;\"><strong>Rimozione<\/strong>Potete chiedere la cancellazione dei vostri dati, a meno che non siamo obbligati per legge a conservarli.<\/span><\/p><\/li><li><p><span style=\"color: #ffffff;\"><strong>Obiezione<\/strong>Potete opporvi all'utilizzo dei vostri dati per scopi specifici.<\/span><\/p><\/li><li><p><span style=\"color: #ffffff;\"><strong>Portabilit\u00e0 dei dati<\/strong>\u00c8 possibile richiedere i propri dati in formato leggibile a macchina.<\/span><\/p><\/li><\/ul><p><span style=\"color: #ffffff;\">Per esercitare tali diritti, si prega di contattare:<\/span><br \/><span style=\"color: #ffffff;\">\ud83d\udce7 bart@cyclophoto.com<\/span><\/p><hr \/><h3><strong>7. I biscotti<\/strong><\/h3><p>Il nostro sito web utilizza\u00a0<strong>biscotti<\/strong>\u00a0per migliorare l'esperienza dell'utente. \u00c8 possibile disabilitare i cookie attraverso le impostazioni del browser, ma ci\u00f2 potrebbe limitare la funzionalit\u00e0 del sito web.<\/p><hr \/><h3><strong>8. Modifiche alla presente informativa sulla privacy<\/strong><\/h3><p>Ci riserviamo il diritto di modificare la presente informativa sulla privacy. La versione pi\u00f9 recente \u00e8 sempre disponibile su questa pagina.<\/p><hr \/><h3><strong>9. Contatto<\/strong><\/h3><p>Avete domande sulla presente informativa sulla privacy o sul trattamento dei vostri dati? Non esitate a contattarci:<br \/>\ud83d\udce7 bart@cyclophoto.com<br \/>\ud83d\udcde +32 479 36 70 27<\/p><hr \/><p><strong>Data dell'ultimo aggiornamento:<\/strong> 9\/02\/2025<\/p>\t\t\t\t\t\t\t\t<\/div>\n\t\t\t\t<\/div>\n\t\t\t\t<\/div>\n\t\t\t\t<\/div>","protected":false},"excerpt":{"rendered":"<p>Informativa sulla privacy - Cyclophoto Noi di Cyclophoto attribuiamo grande importanza alla vostra privacy e alla protezione dei vostri dati.<\/p>\n<div class=\"read-more\"><a href=\"https:\/\/www.cyclophoto.com\/it\/informativa-sulla-privacy\/\" class=\"more-link\">Per saperne di pi\u00f9<\/a><\/div>","protected":false},"author":1,"featured_media":0,"parent":0,"menu_order":0,"comment_status":"closed","ping_status":"open","template":"","meta":{"footnotes":""},"class_list":["post-3","page","type-page","status-publish","hentry","entry"],"yoast_head":"<!-- This site is optimized with the Yoast SEO Premium plugin v24.6 (Yoast SEO v27.4) - https:\/\/yoast.com\/product\/yoast-seo-premium-wordpress\/ -->\n<title>Privacy Policy - Cyclophoto, Professional Cycling Photography Services.<\/title>\n<meta name=\"robots\" content=\"index, follow, max-snippet:-1, max-image-preview:large, max-video-preview:-1\" \/>\n<link rel=\"canonical\" href=\"https:\/\/www.cyclophoto.com\/it\/informativa-sulla-privacy\/\" \/>\n<meta property=\"og:locale\" content=\"it_IT\" \/>\n<meta property=\"og:type\" content=\"article\" \/>\n<meta property=\"og:title\" content=\"Privacy Policy\" \/>\n<meta property=\"og:description\" content=\"Privacybeleid \u2013 Cyclophoto Bij\u00a0Cyclophoto\u00a0hechten we groot belang aan uw privacy en de bescherming van uwRead More\" \/>\n<meta property=\"og:url\" content=\"https:\/\/www.cyclophoto.com\/it\/informativa-sulla-privacy\/\" \/>\n<meta property=\"og:site_name\" content=\"Cyclophoto, Professional Cycling Photography Services.\" \/>\n<meta property=\"article:publisher\" content=\"https:\/\/www.facebook.com\/profile.php?id=61558810670981\" \/>\n<meta property=\"article:modified_time\" content=\"2025-03-05T12:49:36+00:00\" \/>\n<meta property=\"og:image\" content=\"https:\/\/i0.wp.com\/www.cyclophoto.com\/wp-content\/uploads\/2024\/08\/CYCLOPHOTO-1-HI-RES.png?fit=1563%2C1563&ssl=1\" \/>\n\t<meta property=\"og:image:width\" content=\"1563\" \/>\n\t<meta property=\"og:image:height\" content=\"1563\" \/>\n\t<meta property=\"og:image:type\" content=\"image\/png\" \/>\n<meta name=\"twitter:card\" content=\"summary_large_image\" \/>\n<meta name=\"twitter:site\" content=\"@BartCoenaers\" \/>\n<meta name=\"twitter:label1\" content=\"Tempo di lettura stimato\" \/>\n\t<meta name=\"twitter:data1\" content=\"3 minuti\" \/>\n<script type=\"application\/ld+json\" class=\"yoast-schema-graph\">{\"@context\":\"https:\\\/\\\/schema.org\",\"@graph\":[{\"@type\":\"WebPage\",\"@id\":\"https:\\\/\\\/www.cyclophoto.com\\\/privacy-policy\\\/\",\"url\":\"https:\\\/\\\/www.cyclophoto.com\\\/privacy-policy\\\/\",\"name\":\"Privacy Policy - Cyclophoto, Professional Cycling Photography Services.\",\"isPartOf\":{\"@id\":\"https:\\\/\\\/www.cyclophoto.com\\\/#website\"},\"datePublished\":\"2024-08-02T18:55:02+00:00\",\"dateModified\":\"2025-03-05T12:49:36+00:00\",\"breadcrumb\":{\"@id\":\"https:\\\/\\\/www.cyclophoto.com\\\/privacy-policy\\\/#breadcrumb\"},\"inLanguage\":\"it-IT\",\"potentialAction\":[{\"@type\":\"ReadAction\",\"target\":[\"https:\\\/\\\/www.cyclophoto.com\\\/privacy-policy\\\/\"]}]},{\"@type\":\"BreadcrumbList\",\"@id\":\"https:\\\/\\\/www.cyclophoto.com\\\/privacy-policy\\\/#breadcrumb\",\"itemListElement\":[{\"@type\":\"ListItem\",\"position\":1,\"name\":\"Home\",\"item\":\"https:\\\/\\\/www.cyclophoto.com\\\/\"},{\"@type\":\"ListItem\",\"position\":2,\"name\":\"Privacy Policy\"}]},{\"@type\":\"WebSite\",\"@id\":\"https:\\\/\\\/www.cyclophoto.com\\\/#website\",\"url\":\"https:\\\/\\\/www.cyclophoto.com\\\/\",\"name\":\"www.cyclophoto.com\",\"description\":\"Professional Cycling Photography Services\",\"publisher\":{\"@id\":\"https:\\\/\\\/www.cyclophoto.com\\\/#organization\"},\"alternateName\":\"Professional Cycling Photography Services\",\"potentialAction\":[{\"@type\":\"SearchAction\",\"target\":{\"@type\":\"EntryPoint\",\"urlTemplate\":\"https:\\\/\\\/www.cyclophoto.com\\\/?s={search_term_string}\"},\"query-input\":{\"@type\":\"PropertyValueSpecification\",\"valueRequired\":true,\"valueName\":\"search_term_string\"}}],\"inLanguage\":\"it-IT\"},{\"@type\":\"Organization\",\"@id\":\"https:\\\/\\\/www.cyclophoto.com\\\/#organization\",\"name\":\"Cyclophoto\",\"alternateName\":\"Professional Cycling Photography Services\",\"url\":\"https:\\\/\\\/www.cyclophoto.com\\\/\",\"logo\":{\"@type\":\"ImageObject\",\"inLanguage\":\"it-IT\",\"@id\":\"https:\\\/\\\/www.cyclophoto.com\\\/#\\\/schema\\\/logo\\\/image\\\/\",\"url\":\"https:\\\/\\\/i0.wp.com\\\/www.cyclophoto.com\\\/wp-content\\\/uploads\\\/2024\\\/08\\\/CYCLOPHOTO-1-HI-RES.png?fit=1563%2C1563&ssl=1\",\"contentUrl\":\"https:\\\/\\\/i0.wp.com\\\/www.cyclophoto.com\\\/wp-content\\\/uploads\\\/2024\\\/08\\\/CYCLOPHOTO-1-HI-RES.png?fit=1563%2C1563&ssl=1\",\"width\":1563,\"height\":1563,\"caption\":\"Cyclophoto\"},\"image\":{\"@id\":\"https:\\\/\\\/www.cyclophoto.com\\\/#\\\/schema\\\/logo\\\/image\\\/\"},\"sameAs\":[\"https:\\\/\\\/www.facebook.com\\\/profile.php?id=61558810670981\",\"https:\\\/\\\/x.com\\\/BartCoenaers\",\"https:\\\/\\\/www.linkedin.com\\\/in\\\/bartcoenaers\\\/\",\"https:\\\/\\\/www.instagram.com\\\/_cyclophoto_\\\/\"],\"description\":\"Professional Cycling Photography Services\",\"email\":\"bart@cyclophoto.com\",\"telephone\":\"+32479367027\",\"legalName\":\"Cyclophoto\",\"vatID\":\"BE0646935362\"}]}<\/script>\n<!-- \/ Yoast SEO Premium plugin. -->","yoast_head_json":{"title":"Informativa sulla privacy - Cyclophoto, Servizi fotografici professionali per il ciclismo.","robots":{"index":"index","follow":"follow","max-snippet":"max-snippet:-1","max-image-preview":"max-image-preview:large","max-video-preview":"max-video-preview:-1"},"canonical":"https:\/\/www.cyclophoto.com\/it\/informativa-sulla-privacy\/","og_locale":"it_IT","og_type":"article","og_title":"Privacy Policy","og_description":"Privacybeleid \u2013 Cyclophoto Bij\u00a0Cyclophoto\u00a0hechten we groot belang aan uw privacy en de bescherming van uwRead More","og_url":"https:\/\/www.cyclophoto.com\/it\/informativa-sulla-privacy\/","og_site_name":"Cyclophoto, Professional Cycling Photography Services.","article_publisher":"https:\/\/www.facebook.com\/profile.php?id=61558810670981","article_modified_time":"2025-03-05T12:49:36+00:00","og_image":[{"width":1563,"height":1563,"url":"https:\/\/i0.wp.com\/www.cyclophoto.com\/wp-content\/uploads\/2024\/08\/CYCLOPHOTO-1-HI-RES.png?fit=1563%2C1563&ssl=1","type":"image\/png"}],"twitter_card":"summary_large_image","twitter_site":"@BartCoenaers","twitter_misc":{"Tempo di lettura stimato":"3 minuti"},"schema":{"@context":"https:\/\/schema.org","@graph":[{"@type":"WebPage","@id":"https:\/\/www.cyclophoto.com\/privacy-policy\/","url":"https:\/\/www.cyclophoto.com\/privacy-policy\/","name":"Informativa sulla privacy - Cyclophoto, Servizi fotografici professionali per il ciclismo.","isPartOf":{"@id":"https:\/\/www.cyclophoto.com\/#website"},"datePublished":"2024-08-02T18:55:02+00:00","dateModified":"2025-03-05T12:49:36+00:00","breadcrumb":{"@id":"https:\/\/www.cyclophoto.com\/privacy-policy\/#breadcrumb"},"inLanguage":"it-IT","potentialAction":[{"@type":"ReadAction","target":["https:\/\/www.cyclophoto.com\/privacy-policy\/"]}]},{"@type":"BreadcrumbList","@id":"https:\/\/www.cyclophoto.com\/privacy-policy\/#breadcrumb","itemListElement":[{"@type":"ListItem","position":1,"name":"Home","item":"https:\/\/www.cyclophoto.com\/"},{"@type":"ListItem","position":2,"name":"Privacy Policy"}]},{"@type":"WebSite","@id":"https:\/\/www.cyclophoto.com\/#website","url":"https:\/\/www.cyclophoto.com\/","name":"www.cyclophoto.com","description":"Servizi fotografici professionali in bicicletta","publisher":{"@id":"https:\/\/www.cyclophoto.com\/#organization"},"alternateName":"Professional Cycling Photography Services","potentialAction":[{"@type":"SearchAction","target":{"@type":"EntryPoint","urlTemplate":"https:\/\/www.cyclophoto.com\/?s={search_term_string}"},"query-input":{"@type":"PropertyValueSpecification","valueRequired":true,"valueName":"search_term_string"}}],"inLanguage":"it-IT"},{"@type":"Organization","@id":"https:\/\/www.cyclophoto.com\/#organization","name":"Ciclofoto","alternateName":"Professional Cycling Photography Services","url":"https:\/\/www.cyclophoto.com\/","logo":{"@type":"ImageObject","inLanguage":"it-IT","@id":"https:\/\/www.cyclophoto.com\/#\/schema\/logo\/image\/","url":"https:\/\/i0.wp.com\/www.cyclophoto.com\/wp-content\/uploads\/2024\/08\/CYCLOPHOTO-1-HI-RES.png?fit=1563%2C1563&ssl=1","contentUrl":"https:\/\/i0.wp.com\/www.cyclophoto.com\/wp-content\/uploads\/2024\/08\/CYCLOPHOTO-1-HI-RES.png?fit=1563%2C1563&ssl=1","width":1563,"height":1563,"caption":"Cyclophoto"},"image":{"@id":"https:\/\/www.cyclophoto.com\/#\/schema\/logo\/image\/"},"sameAs":["https:\/\/www.facebook.com\/profile.php?id=61558810670981","https:\/\/x.com\/BartCoenaers","https:\/\/www.linkedin.com\/in\/bartcoenaers\/","https:\/\/www.instagram.com\/_cyclophoto_\/"],"description":"Servizi fotografici professionali in bicicletta","email":"bart@cyclophoto.com","telephone":"+32479367027","legalName":"Cyclophoto","vatID":"BE0646935362"}]}},"jetpack_sharing_enabled":true,"_links":{"self":[{"href":"https:\/\/www.cyclophoto.com\/it\/wp-json\/wp\/v2\/pages\/3","targetHints":{"allow":["GET"]}}],"collection":[{"href":"https:\/\/www.cyclophoto.com\/it\/wp-json\/wp\/v2\/pages"}],"about":[{"href":"https:\/\/www.cyclophoto.com\/it\/wp-json\/wp\/v2\/types\/page"}],"author":[{"embeddable":true,"href":"https:\/\/www.cyclophoto.com\/it\/wp-json\/wp\/v2\/users\/1"}],"replies":[{"embeddable":true,"href":"https:\/\/www.cyclophoto.com\/it\/wp-json\/wp\/v2\/comments?post=3"}],"version-history":[{"count":10,"href":"https:\/\/www.cyclophoto.com\/it\/wp-json\/wp\/v2\/pages\/3\/revisions"}],"predecessor-version":[{"id":1182,"href":"https:\/\/www.cyclophoto.com\/it\/wp-json\/wp\/v2\/pages\/3\/revisions\/1182"}],"wp:attachment":[{"href":"https:\/\/www.cyclophoto.com\/it\/wp-json\/wp\/v2\/media?parent=3"}],"curies":[{"name":"wp","href":"https:\/\/api.w.org\/{rel}","templated":true}]}}