{"id":863,"date":"2025-02-09T12:36:37","date_gmt":"2025-02-09T10:36:37","guid":{"rendered":"https:\/\/www.cyclophoto.com\/?page_id=863"},"modified":"2025-03-05T14:50:54","modified_gmt":"2025-03-05T12:50:54","slug":"tarifas-2025","status":"publish","type":"page","link":"https:\/\/www.cyclophoto.com\/es\/tarifas-2025\/","title":{"rendered":"Aranceles 2025"},"content":{"rendered":"\t\t<div data-elementor-type=\"wp-page\" data-elementor-id=\"863\" class=\"elementor elementor-863\" data-elementor-post-type=\"page\">\n\t\t\t\t<div class=\"elementor-element elementor-element-6933c8d e-flex e-con-boxed e-con e-parent\" data-id=\"6933c8d\" data-element_type=\"container\" data-e-type=\"container\">\n\t\t\t\t\t<div class=\"e-con-inner\">\n\t\t\t\t<div class=\"elementor-element elementor-element-8e64a37 elementor-widget elementor-widget-text-editor\" data-id=\"8e64a37\" data-element_type=\"widget\" data-e-type=\"widget\" data-widget_type=\"text-editor.default\">\n\t\t\t\t<div class=\"elementor-widget-container\">\n\t\t\t\t\t\t\t\t\t<ol><li><span style=\"color: #333333;\"><strong> Prijsrangemodellen op Basis van Type Opdracht<\/strong><\/span><\/li><\/ol><table><thead><tr><td><p><span style=\"color: #333333;\"><strong>Type Opdracht<\/strong><\/span><\/p><\/td><td><p><span style=\"color: #333333;\"><strong>Prijsrange (EUR)<\/strong><\/span><\/p><\/td><td>\u00a0<\/td><\/tr><\/thead><tbody><tr><td><p><span style=\"color: #333333;\"><strong>Commerci\u00eble Fotografie<\/strong>\u00a0(merken, advertenties)<\/span><\/p><\/td><td><p><span style=\"color: #333333;\">\u20ac800 \u2013 \u20ac5.000+ per project<\/span><\/p><\/td><td>\u00a0<\/td><\/tr><tr><td><p><span style=\"color: #333333;\"><strong>Redactionele Fotografie<\/strong>\u00a0(media, magazines)<\/span><\/p><\/td><td><p><span style=\"color: #333333;\">\u20ac300 \u2013 \u20ac1.500 per project<\/span><\/p><\/td><td>\u00a0<\/td><\/tr><tr><td><p><span style=\"color: #333333;\"><strong>Creatieve Portretten<\/strong>\u00a0(renners, teams)<\/span><\/p><\/td><td><p><span style=\"color: #333333;\">\u20ac150 \u2013 \u20ac800 per sessie<\/span><\/p><\/td><td>\u00a0<\/td><\/tr><tr><td><p><span style=\"color: #333333;\"><strong>Evenementendekking<\/strong>\u00a0(races, cyclocross)<\/span><\/p><\/td><td><p><span style=\"color: #333333;\">\u20ac500 \u2013 \u20ac3.000 per dag<\/span><\/p><\/td><td>\u00a0<\/td><\/tr><\/tbody><\/table><ol start=\"2\"><li><span style=\"color: #333333;\"><strong> Extra Kosten om Mee te Rekenen<\/strong><\/span><\/li><\/ol><ul><li><span style=\"color: #333333;\"><strong>Reiskosten<\/strong>: \u20ac0,50\u00a0 per kilometer ( vaste vergoeding voor internationale reizen).<\/span><\/li><li><span style=\"color: #333333;\"><strong>Licentierechten<\/strong>:<\/span><ul><li><span style=\"color: #333333;\">Basislicentie (lokaal, 1 jaar): +\u20ac200 \u2013 \u20ac500.<\/span><\/li><li><span style=\"color: #333333;\">Uitgebreide licentie (wereldwijd, onbeperkt): +\u20ac1.000 \u2013 \u20ac3.000.<\/span><\/li><\/ul><\/li><li><span style=\"color: #333333;\"><strong>Nabewerking<\/strong>: \u20ac30 \u2013 \u20ac80 per uur, afhankelijk van complexiteit.<\/span><\/li><\/ul><p><span style=\"color: #333333;\"><strong>\u00a0<\/strong><\/span><\/p><p><span style=\"color: #333333;\"><strong>\u00a0<\/strong><strong>Pakketten voor Terugkerende Klanten<\/strong><\/span><\/p><table><thead><tr><td><p><span style=\"color: #333333;\"><strong>Pakket<\/strong><\/span><\/p><\/td><td><p><span style=\"color: #333333;\"><strong>Inhoud<\/strong><\/span><\/p><\/td><td><p><span style=\"color: #333333;\"><strong>Prijsrange (EUR)<\/strong><\/span><\/p><\/td><\/tr><\/thead><tbody><tr><td><p><span style=\"color: #333333;\"><strong>Basis<\/strong><\/span><\/p><\/td><td><p><span style=\"color: #333333;\">1 dag evenementendekking + 20 bewerkte foto\u2019s<\/span><\/p><\/td><td><p><span style=\"color: #333333;\">\u20ac1.200 \u2013 \u20ac1.800<\/span><\/p><\/td><\/tr><tr><td><p><span style=\"color: #333333;\"><strong>Premium<\/strong><\/span><\/p><\/td><td><p><span style=\"color: #333333;\">Commerci\u00eble shoot + 6 maanden licentie<\/span><\/p><\/td><td><p><span style=\"color: #333333;\">\u20ac3.000 \u2013 \u20ac5.000<\/span><\/p><\/td><\/tr><tr><td><p><span style=\"color: #333333;\"><strong>Deluxe<\/strong><\/span><\/p><\/td><td><p><span style=\"color: #333333;\">Jaarabonnement (4 evenementen + creatieve portretten)<\/span><\/p><\/td><td><p><span style=\"color: #333333;\">\u20ac8.000 \u2013 \u20ac12.000<\/span><\/p><\/td><\/tr><\/tbody><\/table>\t\t\t\t\t\t\t\t<\/div>\n\t\t\t\t<\/div>\n\t\t\t\t\t<\/div>\n\t\t\t\t<\/div>\n\t\t<div class=\"elementor-element elementor-element-33b623d e-flex e-con-boxed e-con e-parent\" data-id=\"33b623d\" data-element_type=\"container\" data-e-type=\"container\">\n\t\t\t\t\t<div class=\"e-con-inner\">\n\t\t\t\t<div class=\"elementor-element elementor-element-c82b1ad elementor-widget elementor-widget-heading\" data-id=\"c82b1ad\" data-element_type=\"widget\" data-e-type=\"widget\" data-widget_type=\"heading.default\">\n\t\t\t\t<div class=\"elementor-widget-container\">\n\t\t\t\t\t<h5 class=\"elementor-heading-title elementor-size-default\">(Prijzen exlusief BTW)<\/h5>\t\t\t\t<\/div>\n\t\t\t\t<\/div>\n\t\t\t\t\t<\/div>\n\t\t\t\t<\/div>\n\t\t<div class=\"elementor-element elementor-element-ad0b59f e-flex e-con-boxed e-con e-parent\" data-id=\"ad0b59f\" data-element_type=\"container\" data-e-type=\"container\">\n\t\t\t\t\t<div class=\"e-con-inner\">\n\t\t\t\t<div class=\"elementor-element elementor-element-bd2291a elementor-widget elementor-widget-image\" data-id=\"bd2291a\" data-element_type=\"widget\" data-e-type=\"widget\" data-widget_type=\"image.default\">\n\t\t\t\t<div class=\"elementor-widget-container\">\n\t\t\t\t\t\t\t\t\t\t\t\t\t\t\t<img fetchpriority=\"high\" decoding=\"async\" width=\"750\" height=\"375\" src=\"https:\/\/i0.wp.com\/www.cyclophoto.com\/wp-content\/uploads\/2025\/02\/Kopie-van-Email-signature.png?fit=750%2C375&amp;ssl=1\" class=\"attachment-large size-large wp-image-865\" alt=\"\" srcset=\"https:\/\/i0.wp.com\/www.cyclophoto.com\/wp-content\/uploads\/2025\/02\/Kopie-van-Email-signature.png?w=750&amp;ssl=1 750w, https:\/\/i0.wp.com\/www.cyclophoto.com\/wp-content\/uploads\/2025\/02\/Kopie-van-Email-signature.png?resize=300%2C150&amp;ssl=1 300w, https:\/\/i0.wp.com\/www.cyclophoto.com\/wp-content\/uploads\/2025\/02\/Kopie-van-Email-signature.png?resize=18%2C9&amp;ssl=1 18w\" sizes=\"(max-width: 750px) 100vw, 750px\" \/>\t\t\t\t\t\t\t\t\t\t\t\t\t\t\t<\/div>\n\t\t\t\t<\/div>\n\t\t\t\t\t<\/div>\n\t\t\t\t<\/div>\n\t\t<div class=\"elementor-element elementor-element-888604e e-flex e-con-boxed e-con e-parent\" data-id=\"888604e\" data-element_type=\"container\" data-e-type=\"container\">\n\t\t\t\t\t<div class=\"e-con-inner\">\n\t\t\t\t<div class=\"elementor-element elementor-element-c563a35 e-full_width e-n-menu-layout-horizontal e-n-menu-tablet elementor-widget elementor-widget-n-menu\" data-id=\"c563a35\" data-element_type=\"widget\" data-e-type=\"widget\" data-settings=\"{&quot;menu_items&quot;:[{&quot;item_title&quot;:&quot;Portfolio&quot;,&quot;_id&quot;:&quot;3b2fb30&quot;,&quot;item_link&quot;:{&quot;url&quot;:&quot;https:\\\/\\\/www.cyclophoto.com\\\/portfolio&quot;,&quot;is_external&quot;:&quot;&quot;,&quot;nofollow&quot;:&quot;&quot;,&quot;custom_attributes&quot;:&quot;&quot;},&quot;item_dropdown_content&quot;:&quot;no&quot;,&quot;item_icon&quot;:{&quot;value&quot;:&quot;&quot;,&quot;library&quot;:&quot;&quot;},&quot;item_icon_active&quot;:null,&quot;element_id&quot;:&quot;&quot;},{&quot;item_title&quot;:&quot;Contact&quot;,&quot;_id&quot;:&quot;41f8404&quot;,&quot;item_link&quot;:{&quot;url&quot;:&quot;mailto: bart@cyclophoto.com&quot;,&quot;is_external&quot;:&quot;&quot;,&quot;nofollow&quot;:&quot;&quot;,&quot;custom_attributes&quot;:&quot;&quot;},&quot;item_dropdown_content&quot;:&quot;no&quot;,&quot;item_icon&quot;:{&quot;value&quot;:&quot;&quot;,&quot;library&quot;:&quot;&quot;},&quot;item_icon_active&quot;:null,&quot;element_id&quot;:&quot;&quot;},{&quot;_id&quot;:&quot;74c7ddf&quot;,&quot;item_title&quot;:&quot;Services&quot;,&quot;item_link&quot;:{&quot;url&quot;:&quot;https:\\\/\\\/www.cyclophoto.com\\\/diensten&quot;,&quot;is_external&quot;:&quot;&quot;,&quot;nofollow&quot;:&quot;&quot;,&quot;custom_attributes&quot;:&quot;&quot;},&quot;item_dropdown_content&quot;:&quot;no&quot;,&quot;item_icon&quot;:{&quot;value&quot;:&quot;&quot;,&quot;library&quot;:&quot;&quot;},&quot;item_icon_active&quot;:null,&quot;element_id&quot;:&quot;&quot;},{&quot;_id&quot;:&quot;eee6e5a&quot;,&quot;item_title&quot;:&quot;Homepage&quot;,&quot;item_link&quot;:{&quot;url&quot;:&quot;https:\\\/\\\/www.cyclophoto.com&quot;,&quot;is_external&quot;:&quot;&quot;,&quot;nofollow&quot;:&quot;&quot;,&quot;custom_attributes&quot;:&quot;&quot;},&quot;item_dropdown_content&quot;:&quot;no&quot;,&quot;item_icon&quot;:{&quot;value&quot;:&quot;&quot;,&quot;library&quot;:&quot;&quot;},&quot;item_icon_active&quot;:null,&quot;element_id&quot;:&quot;&quot;},{&quot;_id&quot;:&quot;2676179&quot;,&quot;item_title&quot;:&quot;GDPR&quot;,&quot;item_link&quot;:{&quot;url&quot;:&quot;https:\\\/\\\/www.cyclophoto.com\\\/privacy-policy\\\/&quot;,&quot;is_external&quot;:&quot;&quot;,&quot;nofollow&quot;:&quot;&quot;,&quot;custom_attributes&quot;:&quot;&quot;},&quot;item_dropdown_content&quot;:&quot;no&quot;,&quot;item_icon&quot;:{&quot;value&quot;:&quot;&quot;,&quot;library&quot;:&quot;&quot;},&quot;item_icon_active&quot;:null,&quot;element_id&quot;:&quot;&quot;}],&quot;content_width&quot;:&quot;full_width&quot;,&quot;item_layout&quot;:&quot;horizontal&quot;,&quot;open_on&quot;:&quot;hover&quot;,&quot;horizontal_scroll&quot;:&quot;disable&quot;,&quot;breakpoint_selector&quot;:&quot;tablet&quot;,&quot;menu_item_title_distance_from_content&quot;:{&quot;unit&quot;:&quot;px&quot;,&quot;size&quot;:0,&quot;sizes&quot;:[]},&quot;menu_item_title_distance_from_content_tablet&quot;:{&quot;unit&quot;:&quot;px&quot;,&quot;size&quot;:&quot;&quot;,&quot;sizes&quot;:[]},&quot;menu_item_title_distance_from_content_mobile&quot;:{&quot;unit&quot;:&quot;px&quot;,&quot;size&quot;:&quot;&quot;,&quot;sizes&quot;:[]}}\" data-widget_type=\"mega-menu.default\">\n\t\t\t\t<div class=\"elementor-widget-container\">\n\t\t\t\t\t\t\t<nav class=\"e-n-menu\" data-widget-number=\"206\" aria-label=\"Menu\">\n\t\t\t\t\t<button class=\"e-n-menu-toggle\" id=\"menu-toggle-206\" aria-haspopup=\"true\" aria-expanded=\"false\" aria-controls=\"menubar-206\" aria-label=\"Alternar men\u00fa\">\n\t\t\t<span class=\"e-n-menu-toggle-icon e-open\">\n\t\t\t\t<svg class=\"e-font-icon-svg e-eicon-menu-bar\" viewBox=\"0 0 1000 1000\" xmlns=\"http:\/\/www.w3.org\/2000\/svg\"><path d=\"M104 333H896C929 333 958 304 958 271S929 208 896 208H104C71 208 42 237 42 271S71 333 104 333ZM104 583H896C929 583 958 554 958 521S929 458 896 458H104C71 458 42 487 42 521S71 583 104 583ZM104 833H896C929 833 958 804 958 771S929 708 896 708H104C71 708 42 737 42 771S71 833 104 833Z\"><\/path><\/svg>\t\t\t<\/span>\n\t\t\t<span class=\"e-n-menu-toggle-icon e-close\">\n\t\t\t\t<svg class=\"e-font-icon-svg e-eicon-close\" viewBox=\"0 0 1000 1000\" xmlns=\"http:\/\/www.w3.org\/2000\/svg\"><path d=\"M742 167L500 408 258 167C246 154 233 150 217 150 196 150 179 158 167 167 154 179 150 196 150 212 150 229 154 242 171 254L408 500 167 742C138 771 138 800 167 829 196 858 225 858 254 829L496 587 738 829C750 842 767 846 783 846 800 846 817 842 829 829 842 817 846 804 846 783 846 767 842 750 829 737L588 500 833 258C863 229 863 200 833 171 804 137 775 137 742 167Z\"><\/path><\/svg>\t\t\t<\/span>\n\t\t<\/button>\n\t\t\t\t\t<div class=\"e-n-menu-wrapper\" id=\"menubar-206\" aria-labelledby=\"menu-toggle-206\">\n\t\t\t\t<ul class=\"e-n-menu-heading\">\n\t\t\t\t\t\t\t\t<li class=\"e-n-menu-item\">\n\t\t\t\t<div id=\"e-n-menu-title-2061\" class=\"e-n-menu-title\">\n\t\t\t\t\t<a class=\"e-n-menu-title-container e-focus e-link\" href=\"https:\/\/www.cyclophoto.com\/portfolio\">\t\t\t\t\t\t\t\t\t\t\t\t<span class=\"e-n-menu-title-text\">\n\t\t\t\t\t\t\tPortfolio\t\t\t\t\t\t<\/span>\n\t\t\t\t\t<\/a>\t\t\t\t\t\t\t\t\t<\/div>\n\t\t\t\t\t\t\t<\/li>\n\t\t\t\t\t<li class=\"e-n-menu-item\">\n\t\t\t\t<div id=\"e-n-menu-title-2062\" class=\"e-n-menu-title\">\n\t\t\t\t\t<a class=\"e-n-menu-title-container e-focus e-link\" href=\"mailto:%20bart@cyclophoto.com\">\t\t\t\t\t\t\t\t\t\t\t\t<span class=\"e-n-menu-title-text\">\n\t\t\t\t\t\t\tContact\t\t\t\t\t\t<\/span>\n\t\t\t\t\t<\/a>\t\t\t\t\t\t\t\t\t<\/div>\n\t\t\t\t\t\t\t<\/li>\n\t\t\t\t\t<li class=\"e-n-menu-item\">\n\t\t\t\t<div id=\"e-n-menu-title-2063\" class=\"e-n-menu-title\">\n\t\t\t\t\t<a class=\"e-n-menu-title-container e-focus e-link\" href=\"https:\/\/www.cyclophoto.com\/diensten\">\t\t\t\t\t\t\t\t\t\t\t\t<span class=\"e-n-menu-title-text\">\n\t\t\t\t\t\t\tServices\t\t\t\t\t\t<\/span>\n\t\t\t\t\t<\/a>\t\t\t\t\t\t\t\t\t<\/div>\n\t\t\t\t\t\t\t<\/li>\n\t\t\t\t\t<li class=\"e-n-menu-item\">\n\t\t\t\t<div id=\"e-n-menu-title-2064\" class=\"e-n-menu-title\">\n\t\t\t\t\t<a class=\"e-n-menu-title-container e-focus e-link\" href=\"https:\/\/www.cyclophoto.com\">\t\t\t\t\t\t\t\t\t\t\t\t<span class=\"e-n-menu-title-text\">\n\t\t\t\t\t\t\tHomepage\t\t\t\t\t\t<\/span>\n\t\t\t\t\t<\/a>\t\t\t\t\t\t\t\t\t<\/div>\n\t\t\t\t\t\t\t<\/li>\n\t\t\t\t\t<li class=\"e-n-menu-item\">\n\t\t\t\t<div id=\"e-n-menu-title-2065\" class=\"e-n-menu-title\">\n\t\t\t\t\t<a class=\"e-n-menu-title-container e-focus e-link\" href=\"https:\/\/www.cyclophoto.com\/privacy-policy\/\">\t\t\t\t\t\t\t\t\t\t\t\t<span class=\"e-n-menu-title-text\">\n\t\t\t\t\t\t\tGDPR\t\t\t\t\t\t<\/span>\n\t\t\t\t\t<\/a>\t\t\t\t\t\t\t\t\t<\/div>\n\t\t\t\t\t\t\t<\/li>\n\t\t\t\t\t\t<\/ul>\n\t\t\t<\/div>\n\t\t<\/nav>\n\t\t\t\t\t\t<\/div>\n\t\t\t\t<\/div>\n\t\t\t\t\t<\/div>\n\t\t\t\t<\/div>\n\t\t\t\t<\/div>\n\t\t","protected":false},"excerpt":{"rendered":"<p>Modelos de gama de precios basados en el tipo de encargo Tipo de encargo Gama de precios (EUR) Fotograf\u00eda comercial (marcas, anuncios) 800 EUR<\/p>\n<div class=\"read-more\"><a href=\"https:\/\/www.cyclophoto.com\/es\/tarifas-2025\/\" class=\"more-link\">Seguir leyendo<\/a><\/div>","protected":false},"author":1,"featured_media":0,"parent":0,"menu_order":0,"comment_status":"closed","ping_status":"closed","template":"","meta":{"footnotes":""},"class_list":["post-863","page","type-page","status-publish","hentry","entry"],"yoast_head":"<!-- This site is optimized with the Yoast SEO Premium plugin v24.6 (Yoast SEO v27.5) - https:\/\/yoast.com\/product\/yoast-seo-premium-wordpress\/ -->\n<title>Tarieven 2025 - Cyclophoto, Professional Cycling Photography Services.<\/title>\n<meta name=\"description\" content=\"Cycling photographer Professional Professional cycling photography services sports photographer Cycling team photographer Cycling brand photography Cycling product photography\" \/>\n<meta name=\"robots\" content=\"index, follow, max-snippet:-1, max-image-preview:large, max-video-preview:-1\" \/>\n<link rel=\"canonical\" href=\"https:\/\/www.cyclophoto.com\/es\/tarifas-2025\/\" \/>\n<meta property=\"og:locale\" content=\"es_ES\" \/>\n<meta property=\"og:type\" content=\"article\" \/>\n<meta property=\"og:title\" content=\"Tarieven 2025\" \/>\n<meta property=\"og:description\" content=\"Cycling photographer Professional Professional cycling photography services sports photographer Cycling team photographer Cycling brand photography Cycling product photography\" \/>\n<meta property=\"og:url\" content=\"https:\/\/www.cyclophoto.com\/es\/tarifas-2025\/\" \/>\n<meta property=\"og:site_name\" content=\"Cyclophoto, Professional Cycling Photography Services.\" \/>\n<meta property=\"article:publisher\" content=\"https:\/\/www.facebook.com\/profile.php?id=61558810670981\" \/>\n<meta property=\"article:modified_time\" content=\"2025-03-05T12:50:54+00:00\" \/>\n<meta property=\"og:image\" content=\"https:\/\/www.cyclophoto.com\/wp-content\/uploads\/2025\/02\/Kopie-van-Email-signature.png\" \/>\n<meta name=\"twitter:card\" content=\"summary_large_image\" \/>\n<meta name=\"twitter:site\" content=\"@BartCoenaers\" \/>\n<meta name=\"twitter:label1\" content=\"Tiempo de lectura\" \/>\n\t<meta name=\"twitter:data1\" content=\"1 minuto\" \/>\n<script type=\"application\/ld+json\" class=\"yoast-schema-graph\">{\"@context\":\"https:\\\/\\\/schema.org\",\"@graph\":[{\"@type\":\"WebPage\",\"@id\":\"https:\\\/\\\/www.cyclophoto.com\\\/tarieven-2025\\\/\",\"url\":\"https:\\\/\\\/www.cyclophoto.com\\\/tarieven-2025\\\/\",\"name\":\"Tarieven 2025 - Cyclophoto, Professional Cycling Photography Services.\",\"isPartOf\":{\"@id\":\"https:\\\/\\\/www.cyclophoto.com\\\/#website\"},\"primaryImageOfPage\":{\"@id\":\"https:\\\/\\\/www.cyclophoto.com\\\/tarieven-2025\\\/#primaryimage\"},\"image\":{\"@id\":\"https:\\\/\\\/www.cyclophoto.com\\\/tarieven-2025\\\/#primaryimage\"},\"thumbnailUrl\":\"https:\\\/\\\/www.cyclophoto.com\\\/wp-content\\\/uploads\\\/2025\\\/02\\\/Kopie-van-Email-signature.png\",\"datePublished\":\"2025-02-09T10:36:37+00:00\",\"dateModified\":\"2025-03-05T12:50:54+00:00\",\"description\":\"Cycling photographer Professional Professional cycling photography services sports photographer Cycling team photographer Cycling brand photography Cycling product photography\",\"breadcrumb\":{\"@id\":\"https:\\\/\\\/www.cyclophoto.com\\\/tarieven-2025\\\/#breadcrumb\"},\"inLanguage\":\"es\",\"potentialAction\":[{\"@type\":\"ReadAction\",\"target\":[\"https:\\\/\\\/www.cyclophoto.com\\\/tarieven-2025\\\/\"]}]},{\"@type\":\"ImageObject\",\"inLanguage\":\"es\",\"@id\":\"https:\\\/\\\/www.cyclophoto.com\\\/tarieven-2025\\\/#primaryimage\",\"url\":\"https:\\\/\\\/www.cyclophoto.com\\\/wp-content\\\/uploads\\\/2025\\\/02\\\/Kopie-van-Email-signature.png\",\"contentUrl\":\"https:\\\/\\\/www.cyclophoto.com\\\/wp-content\\\/uploads\\\/2025\\\/02\\\/Kopie-van-Email-signature.png\"},{\"@type\":\"BreadcrumbList\",\"@id\":\"https:\\\/\\\/www.cyclophoto.com\\\/tarieven-2025\\\/#breadcrumb\",\"itemListElement\":[{\"@type\":\"ListItem\",\"position\":1,\"name\":\"Home\",\"item\":\"https:\\\/\\\/www.cyclophoto.com\\\/\"},{\"@type\":\"ListItem\",\"position\":2,\"name\":\"Tarieven 2025\"}]},{\"@type\":\"WebSite\",\"@id\":\"https:\\\/\\\/www.cyclophoto.com\\\/#website\",\"url\":\"https:\\\/\\\/www.cyclophoto.com\\\/\",\"name\":\"www.cyclophoto.com\",\"description\":\"Professional Cycling Photography Services\",\"publisher\":{\"@id\":\"https:\\\/\\\/www.cyclophoto.com\\\/#organization\"},\"alternateName\":\"Professional Cycling Photography Services\",\"potentialAction\":[{\"@type\":\"SearchAction\",\"target\":{\"@type\":\"EntryPoint\",\"urlTemplate\":\"https:\\\/\\\/www.cyclophoto.com\\\/?s={search_term_string}\"},\"query-input\":{\"@type\":\"PropertyValueSpecification\",\"valueRequired\":true,\"valueName\":\"search_term_string\"}}],\"inLanguage\":\"es\"},{\"@type\":\"Organization\",\"@id\":\"https:\\\/\\\/www.cyclophoto.com\\\/#organization\",\"name\":\"Cyclophoto\",\"alternateName\":\"Professional Cycling Photography Services\",\"url\":\"https:\\\/\\\/www.cyclophoto.com\\\/\",\"logo\":{\"@type\":\"ImageObject\",\"inLanguage\":\"es\",\"@id\":\"https:\\\/\\\/www.cyclophoto.com\\\/#\\\/schema\\\/logo\\\/image\\\/\",\"url\":\"https:\\\/\\\/i0.wp.com\\\/www.cyclophoto.com\\\/wp-content\\\/uploads\\\/2024\\\/08\\\/CYCLOPHOTO-1-HI-RES.png?fit=1563%2C1563&ssl=1\",\"contentUrl\":\"https:\\\/\\\/i0.wp.com\\\/www.cyclophoto.com\\\/wp-content\\\/uploads\\\/2024\\\/08\\\/CYCLOPHOTO-1-HI-RES.png?fit=1563%2C1563&ssl=1\",\"width\":1563,\"height\":1563,\"caption\":\"Cyclophoto\"},\"image\":{\"@id\":\"https:\\\/\\\/www.cyclophoto.com\\\/#\\\/schema\\\/logo\\\/image\\\/\"},\"sameAs\":[\"https:\\\/\\\/www.facebook.com\\\/profile.php?id=61558810670981\",\"https:\\\/\\\/x.com\\\/BartCoenaers\",\"https:\\\/\\\/www.linkedin.com\\\/in\\\/bartcoenaers\\\/\",\"https:\\\/\\\/www.instagram.com\\\/_cyclophoto_\\\/\"],\"description\":\"Professional Cycling Photography Services\",\"email\":\"bart@cyclophoto.com\",\"telephone\":\"+32479367027\",\"legalName\":\"Cyclophoto\",\"vatID\":\"BE0646935362\"}]}<\/script>\n<!-- \/ Yoast SEO Premium plugin. -->","yoast_head_json":{"title":"Tarifas 2025 - Cyclophoto, Servicios profesionales de fotograf\u00eda de ciclismo.","description":"Fot\u00f3grafo ciclista Servicios profesionales de fotograf\u00eda ciclista Fot\u00f3grafo deportivo Fot\u00f3grafo de equipos ciclistas Fotograf\u00eda de marcas ciclistas Fotograf\u00eda de productos ciclistas","robots":{"index":"index","follow":"follow","max-snippet":"max-snippet:-1","max-image-preview":"max-image-preview:large","max-video-preview":"max-video-preview:-1"},"canonical":"https:\/\/www.cyclophoto.com\/es\/tarifas-2025\/","og_locale":"es_ES","og_type":"article","og_title":"Tarieven 2025","og_description":"Cycling photographer Professional Professional cycling photography services sports photographer Cycling team photographer Cycling brand photography Cycling product photography","og_url":"https:\/\/www.cyclophoto.com\/es\/tarifas-2025\/","og_site_name":"Cyclophoto, Professional Cycling Photography Services.","article_publisher":"https:\/\/www.facebook.com\/profile.php?id=61558810670981","article_modified_time":"2025-03-05T12:50:54+00:00","og_image":[{"url":"https:\/\/www.cyclophoto.com\/wp-content\/uploads\/2025\/02\/Kopie-van-Email-signature.png","type":"","width":"","height":""}],"twitter_card":"summary_large_image","twitter_site":"@BartCoenaers","twitter_misc":{"Tiempo de lectura":"1 minuto"},"schema":{"@context":"https:\/\/schema.org","@graph":[{"@type":"WebPage","@id":"https:\/\/www.cyclophoto.com\/tarieven-2025\/","url":"https:\/\/www.cyclophoto.com\/tarieven-2025\/","name":"Tarifas 2025 - Cyclophoto, Servicios profesionales de fotograf\u00eda de ciclismo.","isPartOf":{"@id":"https:\/\/www.cyclophoto.com\/#website"},"primaryImageOfPage":{"@id":"https:\/\/www.cyclophoto.com\/tarieven-2025\/#primaryimage"},"image":{"@id":"https:\/\/www.cyclophoto.com\/tarieven-2025\/#primaryimage"},"thumbnailUrl":"https:\/\/www.cyclophoto.com\/wp-content\/uploads\/2025\/02\/Kopie-van-Email-signature.png","datePublished":"2025-02-09T10:36:37+00:00","dateModified":"2025-03-05T12:50:54+00:00","description":"Fot\u00f3grafo ciclista Servicios profesionales de fotograf\u00eda ciclista Fot\u00f3grafo deportivo Fot\u00f3grafo de equipos ciclistas Fotograf\u00eda de marcas ciclistas Fotograf\u00eda de productos ciclistas","breadcrumb":{"@id":"https:\/\/www.cyclophoto.com\/tarieven-2025\/#breadcrumb"},"inLanguage":"es","potentialAction":[{"@type":"ReadAction","target":["https:\/\/www.cyclophoto.com\/tarieven-2025\/"]}]},{"@type":"ImageObject","inLanguage":"es","@id":"https:\/\/www.cyclophoto.com\/tarieven-2025\/#primaryimage","url":"https:\/\/www.cyclophoto.com\/wp-content\/uploads\/2025\/02\/Kopie-van-Email-signature.png","contentUrl":"https:\/\/www.cyclophoto.com\/wp-content\/uploads\/2025\/02\/Kopie-van-Email-signature.png"},{"@type":"BreadcrumbList","@id":"https:\/\/www.cyclophoto.com\/tarieven-2025\/#breadcrumb","itemListElement":[{"@type":"ListItem","position":1,"name":"Home","item":"https:\/\/www.cyclophoto.com\/"},{"@type":"ListItem","position":2,"name":"Tarieven 2025"}]},{"@type":"WebSite","@id":"https:\/\/www.cyclophoto.com\/#website","url":"https:\/\/www.cyclophoto.com\/","name":"www.cyclophoto.com","description":"Servicios profesionales de fotograf\u00eda de ciclismo","publisher":{"@id":"https:\/\/www.cyclophoto.com\/#organization"},"alternateName":"Professional Cycling Photography Services","potentialAction":[{"@type":"SearchAction","target":{"@type":"EntryPoint","urlTemplate":"https:\/\/www.cyclophoto.com\/?s={search_term_string}"},"query-input":{"@type":"PropertyValueSpecification","valueRequired":true,"valueName":"search_term_string"}}],"inLanguage":"es"},{"@type":"Organization","@id":"https:\/\/www.cyclophoto.com\/#organization","name":"Ciclofoto","alternateName":"Professional Cycling Photography Services","url":"https:\/\/www.cyclophoto.com\/","logo":{"@type":"ImageObject","inLanguage":"es","@id":"https:\/\/www.cyclophoto.com\/#\/schema\/logo\/image\/","url":"https:\/\/i0.wp.com\/www.cyclophoto.com\/wp-content\/uploads\/2024\/08\/CYCLOPHOTO-1-HI-RES.png?fit=1563%2C1563&ssl=1","contentUrl":"https:\/\/i0.wp.com\/www.cyclophoto.com\/wp-content\/uploads\/2024\/08\/CYCLOPHOTO-1-HI-RES.png?fit=1563%2C1563&ssl=1","width":1563,"height":1563,"caption":"Cyclophoto"},"image":{"@id":"https:\/\/www.cyclophoto.com\/#\/schema\/logo\/image\/"},"sameAs":["https:\/\/www.facebook.com\/profile.php?id=61558810670981","https:\/\/x.com\/BartCoenaers","https:\/\/www.linkedin.com\/in\/bartcoenaers\/","https:\/\/www.instagram.com\/_cyclophoto_\/"],"description":"Servicios profesionales de fotograf\u00eda de ciclismo","email":"bart@cyclophoto.com","telephone":"+32479367027","legalName":"Cyclophoto","vatID":"BE0646935362"}]}},"jetpack_sharing_enabled":true,"_links":{"self":[{"href":"https:\/\/www.cyclophoto.com\/es\/wp-json\/wp\/v2\/pages\/863","targetHints":{"allow":["GET"]}}],"collection":[{"href":"https:\/\/www.cyclophoto.com\/es\/wp-json\/wp\/v2\/pages"}],"about":[{"href":"https:\/\/www.cyclophoto.com\/es\/wp-json\/wp\/v2\/types\/page"}],"author":[{"embeddable":true,"href":"https:\/\/www.cyclophoto.com\/es\/wp-json\/wp\/v2\/users\/1"}],"replies":[{"embeddable":true,"href":"https:\/\/www.cyclophoto.com\/es\/wp-json\/wp\/v2\/comments?post=863"}],"version-history":[{"count":23,"href":"https:\/\/www.cyclophoto.com\/es\/wp-json\/wp\/v2\/pages\/863\/revisions"}],"predecessor-version":[{"id":1185,"href":"https:\/\/www.cyclophoto.com\/es\/wp-json\/wp\/v2\/pages\/863\/revisions\/1185"}],"wp:attachment":[{"href":"https:\/\/www.cyclophoto.com\/es\/wp-json\/wp\/v2\/media?parent=863"}],"curies":[{"name":"wp","href":"https:\/\/api.w.org\/{rel}","templated":true}]}}